{"id":5001,"date":"2026-03-26T14:07:18","date_gmt":"2026-03-26T13:07:18","guid":{"rendered":"https:\/\/cdacv.es\/?post_type=tribe_events&#038;p=5001"},"modified":"2026-03-26T14:51:35","modified_gmt":"2026-03-26T13:51:35","slug":"reunion-por-videoconferencia-del-grupo-de-trabajo-de-promocion-de-obra-europea-del-gassca","status":"publish","type":"tribe_events","link":"https:\/\/cdacv.es\/es\/agenda\/reunion-por-videoconferencia-del-grupo-de-trabajo-de-promocion-de-obra-europea-del-gassca\/","title":{"rendered":"Reuni\u00f3n por videoconferencia del \u201cGrupo de Trabajo de Promoci\u00f3n de Obra Europea del GASSCA\u201d"},"content":{"rendered":"<ul>\n<li>Reuni\u00f3n por <strong>videoconferencia<\/strong>, del \u201c<strong>Grupo de Trabajo de Promoci\u00f3n de Obra Europea del GASSCA<\/strong>\u201d coordinado por el CACV <strong>el d\u00eda 26 de Marzo de 2026 a las 13:00h.<\/strong><\/li>\n<li><strong>ASISTEN:<\/strong>\n<ul>\n<li>El Presidente del CACV: Jos\u00e9 M\u00aa. Vidal Beltr\u00e1n<\/li>\n<li>El Consejero del CACV: \u00c0lvar Peris Blanes<\/li>\n<li>La Secretaria General del CACV: Amparo Latonda Pedraza<\/li>\n<li>Jefe \u00c1rea Contenidos, Estudios e Investigaci\u00f3n del CACV: Marc Pallar\u00e9s Piquer<\/li>\n<li>Representantes de:\n<ul>\n<li>Junta de Andaluc\u00eda<\/li>\n<li>Catalu\u00f1a<\/li>\n<li>CNMC<\/li>\n<li>Comunidad de Madrid<\/li>\n<\/ul>\n<\/li>\n<\/ul>\n<\/li>\n<\/ul>\n","protected":false},"excerpt":{"rendered":"<p>Reuni\u00f3n por videoconferencia, del \u201cGrupo de Trabajo de Promoci\u00f3n de Obra Europea del GASSCA\u201d coordinado por el CACV el d\u00eda 26 de Marzo de 2026 a las 13:00h. ASISTEN: El&#8230;<\/p>\n","protected":false},"author":1,"featured_media":0,"comment_status":"closed","ping_status":"closed","template":"","meta":{"_tribe_events_status":"","_tribe_events_status_reason":"","footnotes":""},"tags":[],"tribe_events_cat":[],"class_list":["post-5001","tribe_events","type-tribe_events","status-publish"],"yoast_head":"<!-- This site is optimized with the Yoast SEO plugin v20.1 - https:\/\/yoast.com\/wordpress\/plugins\/seo\/ -->\n<title>Reuni\u00f3n por videoconferencia del \u201cGrupo de Trabajo de Promoci\u00f3n de Obra Europea del GASSCA\u201d - Consell De L\u2019Audiovisual De La Comunitat Valenciana<\/title>\n<meta name=\"robots\" content=\"index, follow, max-snippet:-1, max-image-preview:large, max-video-preview:-1\" \/>\n<link rel=\"canonical\" href=\"https:\/\/cdacv.es\/es\/agenda\/reunion-por-videoconferencia-del-grupo-de-trabajo-de-promocion-de-obra-europea-del-gassca\/\" \/>\n<meta property=\"og:locale\" content=\"es_ES\" \/>\n<meta property=\"og:type\" content=\"article\" \/>\n<meta property=\"og:title\" content=\"Reuni\u00f3n por videoconferencia del \u201cGrupo de Trabajo de Promoci\u00f3n de Obra Europea del GASSCA\u201d - Consell De L\u2019Audiovisual De La Comunitat Valenciana\" \/>\n<meta property=\"og:description\" content=\"Reuni\u00f3n por videoconferencia, del \u201cGrupo de Trabajo de Promoci\u00f3n de Obra Europea del GASSCA\u201d coordinado por el CACV el d\u00eda 26 de Marzo de 2026 a las 13:00h. ASISTEN: El...\" \/>\n<meta property=\"og:url\" content=\"https:\/\/cdacv.es\/es\/agenda\/reunion-por-videoconferencia-del-grupo-de-trabajo-de-promocion-de-obra-europea-del-gassca\/\" \/>\n<meta property=\"og:site_name\" content=\"Consell De L\u2019Audiovisual De La Comunitat Valenciana\" \/>\n<meta property=\"article:modified_time\" content=\"2026-03-26T13:51:35+00:00\" \/>\n<meta name=\"twitter:card\" content=\"summary_large_image\" \/>\n<meta name=\"twitter:label1\" content=\"Tiempo de lectura\" \/>\n\t<meta name=\"twitter:data1\" content=\"1 minuto\" \/>\n<script type=\"application\/ld+json\" class=\"yoast-schema-graph\">{\"@context\":\"https:\/\/schema.org\",\"@graph\":[{\"@type\":\"WebPage\",\"@id\":\"https:\/\/cdacv.es\/es\/agenda\/reunion-por-videoconferencia-del-grupo-de-trabajo-de-promocion-de-obra-europea-del-gassca\/\",\"url\":\"https:\/\/cdacv.es\/es\/agenda\/reunion-por-videoconferencia-del-grupo-de-trabajo-de-promocion-de-obra-europea-del-gassca\/\",\"name\":\"Reuni\u00f3n por videoconferencia del \u201cGrupo de Trabajo de Promoci\u00f3n de Obra Europea del GASSCA\u201d - Consell De L\u2019Audiovisual De La Comunitat Valenciana\",\"isPartOf\":{\"@id\":\"https:\/\/cdacv.es\/#website\"},\"datePublished\":\"2026-03-26T13:07:18+00:00\",\"dateModified\":\"2026-03-26T13:51:35+00:00\",\"breadcrumb\":{\"@id\":\"https:\/\/cdacv.es\/es\/agenda\/reunion-por-videoconferencia-del-grupo-de-trabajo-de-promocion-de-obra-europea-del-gassca\/#breadcrumb\"},\"inLanguage\":\"es\",\"potentialAction\":[{\"@type\":\"ReadAction\",\"target\":[\"https:\/\/cdacv.es\/es\/agenda\/reunion-por-videoconferencia-del-grupo-de-trabajo-de-promocion-de-obra-europea-del-gassca\/\"]}]},{\"@type\":\"BreadcrumbList\",\"@id\":\"https:\/\/cdacv.es\/es\/agenda\/reunion-por-videoconferencia-del-grupo-de-trabajo-de-promocion-de-obra-europea-del-gassca\/#breadcrumb\",\"itemListElement\":[{\"@type\":\"ListItem\",\"position\":1,\"name\":\"Home\",\"item\":\"https:\/\/cdacv.es\/es\/\"},{\"@type\":\"ListItem\",\"position\":2,\"name\":\"Eventos\",\"item\":\"https:\/\/cdacv.es\/events\/\"},{\"@type\":\"ListItem\",\"position\":3,\"name\":\"Reuni\u00f3n por videoconferencia del \u201cGrupo de Trabajo de Promoci\u00f3n de Obra Europea del GASSCA\u201d\"}]},{\"@type\":\"WebSite\",\"@id\":\"https:\/\/cdacv.es\/#website\",\"url\":\"https:\/\/cdacv.es\/\",\"name\":\"Consell De L\u2019Audiovisual De La Comunitat Valenciana\",\"description\":\"\u00c9s l\u2019autoritat audiovisual independent encarregada de vetlar pel respecte dels drets, llibertats i valors constitucionals i estatutaris en l\u2019\u00e0mbit dels mitjans audiovisuals a la Comunitat Valenciana\",\"publisher\":{\"@id\":\"https:\/\/cdacv.es\/#organization\"},\"potentialAction\":[{\"@type\":\"SearchAction\",\"target\":{\"@type\":\"EntryPoint\",\"urlTemplate\":\"https:\/\/cdacv.es\/?s={search_term_string}\"},\"query-input\":\"required name=search_term_string\"}],\"inLanguage\":\"es\"},{\"@type\":\"Organization\",\"@id\":\"https:\/\/cdacv.es\/#organization\",\"name\":\"Consell De L\u2019Audiovisual De La Comunitat Valenciana\",\"url\":\"https:\/\/cdacv.es\/\",\"logo\":{\"@type\":\"ImageObject\",\"inLanguage\":\"es\",\"@id\":\"https:\/\/cdacv.es\/#\/schema\/logo\/image\/\",\"url\":\"https:\/\/cdacv.es\/wp-content\/uploads\/2023\/02\/fav.png\",\"contentUrl\":\"https:\/\/cdacv.es\/wp-content\/uploads\/2023\/02\/fav.png\",\"width\":300,\"height\":300,\"caption\":\"Consell De L\u2019Audiovisual De La Comunitat Valenciana\"},\"image\":{\"@id\":\"https:\/\/cdacv.es\/#\/schema\/logo\/image\/\"}}]}<\/script>\n<!-- \/ Yoast SEO plugin. -->","yoast_head_json":{"title":"Reuni\u00f3n por videoconferencia del \u201cGrupo de Trabajo de Promoci\u00f3n de Obra Europea del GASSCA\u201d - Consell De L\u2019Audiovisual De La Comunitat Valenciana","robots":{"index":"index","follow":"follow","max-snippet":"max-snippet:-1","max-image-preview":"max-image-preview:large","max-video-preview":"max-video-preview:-1"},"canonical":"https:\/\/cdacv.es\/es\/agenda\/reunion-por-videoconferencia-del-grupo-de-trabajo-de-promocion-de-obra-europea-del-gassca\/","og_locale":"es_ES","og_type":"article","og_title":"Reuni\u00f3n por videoconferencia del \u201cGrupo de Trabajo de Promoci\u00f3n de Obra Europea del GASSCA\u201d - Consell De L\u2019Audiovisual De La Comunitat Valenciana","og_description":"Reuni\u00f3n por videoconferencia, del \u201cGrupo de Trabajo de Promoci\u00f3n de Obra Europea del GASSCA\u201d coordinado por el CACV el d\u00eda 26 de Marzo de 2026 a las 13:00h. ASISTEN: El...","og_url":"https:\/\/cdacv.es\/es\/agenda\/reunion-por-videoconferencia-del-grupo-de-trabajo-de-promocion-de-obra-europea-del-gassca\/","og_site_name":"Consell De L\u2019Audiovisual De La Comunitat Valenciana","article_modified_time":"2026-03-26T13:51:35+00:00","twitter_card":"summary_large_image","twitter_misc":{"Tiempo de lectura":"1 minuto"},"schema":{"@context":"https:\/\/schema.org","@graph":[{"@type":"WebPage","@id":"https:\/\/cdacv.es\/es\/agenda\/reunion-por-videoconferencia-del-grupo-de-trabajo-de-promocion-de-obra-europea-del-gassca\/","url":"https:\/\/cdacv.es\/es\/agenda\/reunion-por-videoconferencia-del-grupo-de-trabajo-de-promocion-de-obra-europea-del-gassca\/","name":"Reuni\u00f3n por videoconferencia del \u201cGrupo de Trabajo de Promoci\u00f3n de Obra Europea del GASSCA\u201d - Consell De L\u2019Audiovisual De La Comunitat Valenciana","isPartOf":{"@id":"https:\/\/cdacv.es\/#website"},"datePublished":"2026-03-26T13:07:18+00:00","dateModified":"2026-03-26T13:51:35+00:00","breadcrumb":{"@id":"https:\/\/cdacv.es\/es\/agenda\/reunion-por-videoconferencia-del-grupo-de-trabajo-de-promocion-de-obra-europea-del-gassca\/#breadcrumb"},"inLanguage":"es","potentialAction":[{"@type":"ReadAction","target":["https:\/\/cdacv.es\/es\/agenda\/reunion-por-videoconferencia-del-grupo-de-trabajo-de-promocion-de-obra-europea-del-gassca\/"]}]},{"@type":"BreadcrumbList","@id":"https:\/\/cdacv.es\/es\/agenda\/reunion-por-videoconferencia-del-grupo-de-trabajo-de-promocion-de-obra-europea-del-gassca\/#breadcrumb","itemListElement":[{"@type":"ListItem","position":1,"name":"Home","item":"https:\/\/cdacv.es\/es\/"},{"@type":"ListItem","position":2,"name":"Eventos","item":"https:\/\/cdacv.es\/events\/"},{"@type":"ListItem","position":3,"name":"Reuni\u00f3n por videoconferencia del \u201cGrupo de Trabajo de Promoci\u00f3n de Obra Europea del GASSCA\u201d"}]},{"@type":"WebSite","@id":"https:\/\/cdacv.es\/#website","url":"https:\/\/cdacv.es\/","name":"Consell De L\u2019Audiovisual De La Comunitat Valenciana","description":"\u00c9s l\u2019autoritat audiovisual independent encarregada de vetlar pel respecte dels drets, llibertats i valors constitucionals i estatutaris en l\u2019\u00e0mbit dels mitjans audiovisuals a la Comunitat Valenciana","publisher":{"@id":"https:\/\/cdacv.es\/#organization"},"potentialAction":[{"@type":"SearchAction","target":{"@type":"EntryPoint","urlTemplate":"https:\/\/cdacv.es\/?s={search_term_string}"},"query-input":"required name=search_term_string"}],"inLanguage":"es"},{"@type":"Organization","@id":"https:\/\/cdacv.es\/#organization","name":"Consell De L\u2019Audiovisual De La Comunitat Valenciana","url":"https:\/\/cdacv.es\/","logo":{"@type":"ImageObject","inLanguage":"es","@id":"https:\/\/cdacv.es\/#\/schema\/logo\/image\/","url":"https:\/\/cdacv.es\/wp-content\/uploads\/2023\/02\/fav.png","contentUrl":"https:\/\/cdacv.es\/wp-content\/uploads\/2023\/02\/fav.png","width":300,"height":300,"caption":"Consell De L\u2019Audiovisual De La Comunitat Valenciana"},"image":{"@id":"https:\/\/cdacv.es\/#\/schema\/logo\/image\/"}}]}},"_links":{"self":[{"href":"https:\/\/cdacv.es\/es\/wp-json\/wp\/v2\/tribe_events\/5001","targetHints":{"allow":["GET"]}}],"collection":[{"href":"https:\/\/cdacv.es\/es\/wp-json\/wp\/v2\/tribe_events"}],"about":[{"href":"https:\/\/cdacv.es\/es\/wp-json\/wp\/v2\/types\/tribe_events"}],"author":[{"embeddable":true,"href":"https:\/\/cdacv.es\/es\/wp-json\/wp\/v2\/users\/1"}],"replies":[{"embeddable":true,"href":"https:\/\/cdacv.es\/es\/wp-json\/wp\/v2\/comments?post=5001"}],"version-history":[{"count":3,"href":"https:\/\/cdacv.es\/es\/wp-json\/wp\/v2\/tribe_events\/5001\/revisions"}],"predecessor-version":[{"id":5010,"href":"https:\/\/cdacv.es\/es\/wp-json\/wp\/v2\/tribe_events\/5001\/revisions\/5010"}],"wp:attachment":[{"href":"https:\/\/cdacv.es\/es\/wp-json\/wp\/v2\/media?parent=5001"}],"wp:term":[{"taxonomy":"post_tag","embeddable":true,"href":"https:\/\/cdacv.es\/es\/wp-json\/wp\/v2\/tags?post=5001"},{"taxonomy":"tribe_events_cat","embeddable":true,"href":"https:\/\/cdacv.es\/es\/wp-json\/wp\/v2\/tribe_events_cat?post=5001"}],"curies":[{"name":"wp","href":"https:\/\/api.w.org\/{rel}","templated":true}]}}