{"id":3750,"date":"2025-07-16T15:39:32","date_gmt":"2025-07-16T13:39:32","guid":{"rendered":"https:\/\/cdacv.es\/?post_type=tribe_events&#038;p=3750"},"modified":"2025-07-16T15:40:04","modified_gmt":"2025-07-16T13:40:04","slug":"firma-del-convenio-entre-la-generalitat-a-traves-del-institut-valencia-de-cultura-ivc-la-societat-anonima-de-mitjans-de-comunicacio-de-la-comunitat-valenciana-samc-y-la-corporacio-audiovisual-d","status":"publish","type":"tribe_events","link":"https:\/\/cdacv.es\/es\/agenda\/firma-del-convenio-entre-la-generalitat-a-traves-del-institut-valencia-de-cultura-ivc-la-societat-anonima-de-mitjans-de-comunicacio-de-la-comunitat-valenciana-samc-y-la-corporacio-audiovisual-d\/","title":{"rendered":"Firma del Convenio entre la Generalitat, a trav\u00e9s del Institut Valenci\u00e0 de Cultura (IVC),  la Societat An\u00f3nima de Mitjans de Comunicaci\u00f3 de la Comunitat Valenciana (SAMC) y la Corporaci\u00f3 Audiovisual de la Comunitat Valenciana (CAVSA)"},"content":{"rendered":"<ul>\n<li>El Presidente del CACV, Jos\u00e9 Mar\u00eda Vidal, asiste \u00a0en el Palau de la Generalitat a la firma del Convenio \u00a0entre la Generalitat, a trav\u00e9s del Institut Valenci\u00e0 de Cultura (IVC), \u00a0la Societat An\u00f3nima de Mitjans de Comunicaci\u00f3 de la Comunitat Valenciana (SAMC) y la Corporaci\u00f3 Audiovisual de la Comunitat Valenciana (CAVSA) para la explotaci\u00f3n por parte de esta \u00faltima entidad de los fondos documentales de la extinta RTVV y de las im\u00e1genes, documentos audiovisuales y sonoros producidos por \u00c0 Punt.<\/li>\n<\/ul>\n","protected":false},"excerpt":{"rendered":"<p>El Presidente del CACV, Jos\u00e9 Mar\u00eda Vidal, asiste \u00a0en el Palau de la Generalitat a la firma del Convenio \u00a0entre la Generalitat, a trav\u00e9s del Institut Valenci\u00e0 de Cultura (IVC),&#8230;<\/p>\n","protected":false},"author":1,"featured_media":0,"comment_status":"closed","ping_status":"closed","template":"","meta":{"_tribe_events_status":"","_tribe_events_status_reason":"","footnotes":""},"tags":[],"tribe_events_cat":[],"class_list":["post-3750","tribe_events","type-tribe_events","status-publish"],"yoast_head":"<!-- This site is optimized with the Yoast SEO plugin v20.1 - https:\/\/yoast.com\/wordpress\/plugins\/seo\/ -->\n<title>Firma del Convenio entre la Generalitat, a trav\u00e9s del Institut Valenci\u00e0 de Cultura (IVC), la Societat An\u00f3nima de Mitjans de Comunicaci\u00f3 de la Comunitat Valenciana (SAMC) y la Corporaci\u00f3 Audiovisual de la Comunitat Valenciana (CAVSA) - Consell De L\u2019Audiovisual De La Comunitat Valenciana<\/title>\n<meta name=\"robots\" content=\"index, follow, max-snippet:-1, max-image-preview:large, max-video-preview:-1\" \/>\n<link rel=\"canonical\" href=\"https:\/\/cdacv.es\/es\/agenda\/firma-del-convenio-entre-la-generalitat-a-traves-del-institut-valencia-de-cultura-ivc-la-societat-anonima-de-mitjans-de-comunicacio-de-la-comunitat-valenciana-samc-y-la-corporacio-audiovisual-d\/\" \/>\n<meta property=\"og:locale\" content=\"es_ES\" \/>\n<meta property=\"og:type\" content=\"article\" \/>\n<meta property=\"og:title\" content=\"Firma del Convenio entre la Generalitat, a trav\u00e9s del Institut Valenci\u00e0 de Cultura (IVC), la Societat An\u00f3nima de Mitjans de Comunicaci\u00f3 de la Comunitat Valenciana (SAMC) y la Corporaci\u00f3 Audiovisual de la Comunitat Valenciana (CAVSA) - Consell De L\u2019Audiovisual De La Comunitat Valenciana\" \/>\n<meta property=\"og:description\" content=\"El Presidente del CACV, Jos\u00e9 Mar\u00eda Vidal, asiste \u00a0en el Palau de la Generalitat a la firma del Convenio \u00a0entre la Generalitat, a trav\u00e9s del Institut Valenci\u00e0 de Cultura (IVC),...\" \/>\n<meta property=\"og:url\" content=\"https:\/\/cdacv.es\/es\/agenda\/firma-del-convenio-entre-la-generalitat-a-traves-del-institut-valencia-de-cultura-ivc-la-societat-anonima-de-mitjans-de-comunicacio-de-la-comunitat-valenciana-samc-y-la-corporacio-audiovisual-d\/\" \/>\n<meta property=\"og:site_name\" content=\"Consell De L\u2019Audiovisual De La Comunitat Valenciana\" \/>\n<meta property=\"article:modified_time\" content=\"2025-07-16T13:40:04+00:00\" \/>\n<meta name=\"twitter:card\" content=\"summary_large_image\" \/>\n<meta name=\"twitter:label1\" content=\"Tiempo de lectura\" \/>\n\t<meta name=\"twitter:data1\" content=\"1 minuto\" \/>\n<script type=\"application\/ld+json\" class=\"yoast-schema-graph\">{\"@context\":\"https:\/\/schema.org\",\"@graph\":[{\"@type\":\"WebPage\",\"@id\":\"https:\/\/cdacv.es\/es\/agenda\/firma-del-convenio-entre-la-generalitat-a-traves-del-institut-valencia-de-cultura-ivc-la-societat-anonima-de-mitjans-de-comunicacio-de-la-comunitat-valenciana-samc-y-la-corporacio-audiovisual-d\/\",\"url\":\"https:\/\/cdacv.es\/es\/agenda\/firma-del-convenio-entre-la-generalitat-a-traves-del-institut-valencia-de-cultura-ivc-la-societat-anonima-de-mitjans-de-comunicacio-de-la-comunitat-valenciana-samc-y-la-corporacio-audiovisual-d\/\",\"name\":\"Firma del Convenio entre la Generalitat, a trav\u00e9s del Institut Valenci\u00e0 de Cultura (IVC), la Societat An\u00f3nima de Mitjans de Comunicaci\u00f3 de la Comunitat Valenciana (SAMC) y la Corporaci\u00f3 Audiovisual de la Comunitat Valenciana (CAVSA) - Consell De L\u2019Audiovisual De La Comunitat Valenciana\",\"isPartOf\":{\"@id\":\"https:\/\/cdacv.es\/#website\"},\"datePublished\":\"2025-07-16T13:39:32+00:00\",\"dateModified\":\"2025-07-16T13:40:04+00:00\",\"breadcrumb\":{\"@id\":\"https:\/\/cdacv.es\/es\/agenda\/firma-del-convenio-entre-la-generalitat-a-traves-del-institut-valencia-de-cultura-ivc-la-societat-anonima-de-mitjans-de-comunicacio-de-la-comunitat-valenciana-samc-y-la-corporacio-audiovisual-d\/#breadcrumb\"},\"inLanguage\":\"es\",\"potentialAction\":[{\"@type\":\"ReadAction\",\"target\":[\"https:\/\/cdacv.es\/es\/agenda\/firma-del-convenio-entre-la-generalitat-a-traves-del-institut-valencia-de-cultura-ivc-la-societat-anonima-de-mitjans-de-comunicacio-de-la-comunitat-valenciana-samc-y-la-corporacio-audiovisual-d\/\"]}]},{\"@type\":\"BreadcrumbList\",\"@id\":\"https:\/\/cdacv.es\/es\/agenda\/firma-del-convenio-entre-la-generalitat-a-traves-del-institut-valencia-de-cultura-ivc-la-societat-anonima-de-mitjans-de-comunicacio-de-la-comunitat-valenciana-samc-y-la-corporacio-audiovisual-d\/#breadcrumb\",\"itemListElement\":[{\"@type\":\"ListItem\",\"position\":1,\"name\":\"Home\",\"item\":\"https:\/\/cdacv.es\/es\/\"},{\"@type\":\"ListItem\",\"position\":2,\"name\":\"Eventos\",\"item\":\"https:\/\/cdacv.es\/events\/\"},{\"@type\":\"ListItem\",\"position\":3,\"name\":\"Firma del Convenio entre la Generalitat, a trav\u00e9s del Institut Valenci\u00e0 de Cultura (IVC), la Societat An\u00f3nima de Mitjans de Comunicaci\u00f3 de la Comunitat Valenciana (SAMC) y la Corporaci\u00f3 Audiovisual de la Comunitat Valenciana (CAVSA)\"}]},{\"@type\":\"WebSite\",\"@id\":\"https:\/\/cdacv.es\/#website\",\"url\":\"https:\/\/cdacv.es\/\",\"name\":\"Consell De L\u2019Audiovisual De La Comunitat Valenciana\",\"description\":\"\u00c9s l\u2019autoritat audiovisual independent encarregada de vetlar pel respecte dels drets, llibertats i valors constitucionals i estatutaris en l\u2019\u00e0mbit dels mitjans audiovisuals a la Comunitat Valenciana\",\"publisher\":{\"@id\":\"https:\/\/cdacv.es\/#organization\"},\"potentialAction\":[{\"@type\":\"SearchAction\",\"target\":{\"@type\":\"EntryPoint\",\"urlTemplate\":\"https:\/\/cdacv.es\/?s={search_term_string}\"},\"query-input\":\"required name=search_term_string\"}],\"inLanguage\":\"es\"},{\"@type\":\"Organization\",\"@id\":\"https:\/\/cdacv.es\/#organization\",\"name\":\"Consell De L\u2019Audiovisual De La Comunitat Valenciana\",\"url\":\"https:\/\/cdacv.es\/\",\"logo\":{\"@type\":\"ImageObject\",\"inLanguage\":\"es\",\"@id\":\"https:\/\/cdacv.es\/#\/schema\/logo\/image\/\",\"url\":\"https:\/\/cdacv.es\/wp-content\/uploads\/2023\/02\/fav.png\",\"contentUrl\":\"https:\/\/cdacv.es\/wp-content\/uploads\/2023\/02\/fav.png\",\"width\":300,\"height\":300,\"caption\":\"Consell De L\u2019Audiovisual De La Comunitat Valenciana\"},\"image\":{\"@id\":\"https:\/\/cdacv.es\/#\/schema\/logo\/image\/\"}}]}<\/script>\n<!-- \/ Yoast SEO plugin. -->","yoast_head_json":{"title":"Firma del Convenio entre la Generalitat, a trav\u00e9s del Institut Valenci\u00e0 de Cultura (IVC), la Societat An\u00f3nima de Mitjans de Comunicaci\u00f3 de la Comunitat Valenciana (SAMC) y la Corporaci\u00f3 Audiovisual de la Comunitat Valenciana (CAVSA) - Consell De L\u2019Audiovisual De La Comunitat Valenciana","robots":{"index":"index","follow":"follow","max-snippet":"max-snippet:-1","max-image-preview":"max-image-preview:large","max-video-preview":"max-video-preview:-1"},"canonical":"https:\/\/cdacv.es\/es\/agenda\/firma-del-convenio-entre-la-generalitat-a-traves-del-institut-valencia-de-cultura-ivc-la-societat-anonima-de-mitjans-de-comunicacio-de-la-comunitat-valenciana-samc-y-la-corporacio-audiovisual-d\/","og_locale":"es_ES","og_type":"article","og_title":"Firma del Convenio entre la Generalitat, a trav\u00e9s del Institut Valenci\u00e0 de Cultura (IVC), la Societat An\u00f3nima de Mitjans de Comunicaci\u00f3 de la Comunitat Valenciana (SAMC) y la Corporaci\u00f3 Audiovisual de la Comunitat Valenciana (CAVSA) - Consell De L\u2019Audiovisual De La Comunitat Valenciana","og_description":"El Presidente del CACV, Jos\u00e9 Mar\u00eda Vidal, asiste \u00a0en el Palau de la Generalitat a la firma del Convenio \u00a0entre la Generalitat, a trav\u00e9s del Institut Valenci\u00e0 de Cultura (IVC),...","og_url":"https:\/\/cdacv.es\/es\/agenda\/firma-del-convenio-entre-la-generalitat-a-traves-del-institut-valencia-de-cultura-ivc-la-societat-anonima-de-mitjans-de-comunicacio-de-la-comunitat-valenciana-samc-y-la-corporacio-audiovisual-d\/","og_site_name":"Consell De L\u2019Audiovisual De La Comunitat Valenciana","article_modified_time":"2025-07-16T13:40:04+00:00","twitter_card":"summary_large_image","twitter_misc":{"Tiempo de lectura":"1 minuto"},"schema":{"@context":"https:\/\/schema.org","@graph":[{"@type":"WebPage","@id":"https:\/\/cdacv.es\/es\/agenda\/firma-del-convenio-entre-la-generalitat-a-traves-del-institut-valencia-de-cultura-ivc-la-societat-anonima-de-mitjans-de-comunicacio-de-la-comunitat-valenciana-samc-y-la-corporacio-audiovisual-d\/","url":"https:\/\/cdacv.es\/es\/agenda\/firma-del-convenio-entre-la-generalitat-a-traves-del-institut-valencia-de-cultura-ivc-la-societat-anonima-de-mitjans-de-comunicacio-de-la-comunitat-valenciana-samc-y-la-corporacio-audiovisual-d\/","name":"Firma del Convenio entre la Generalitat, a trav\u00e9s del Institut Valenci\u00e0 de Cultura (IVC), la Societat An\u00f3nima de Mitjans de Comunicaci\u00f3 de la Comunitat Valenciana (SAMC) y la Corporaci\u00f3 Audiovisual de la Comunitat Valenciana (CAVSA) - Consell De L\u2019Audiovisual De La Comunitat Valenciana","isPartOf":{"@id":"https:\/\/cdacv.es\/#website"},"datePublished":"2025-07-16T13:39:32+00:00","dateModified":"2025-07-16T13:40:04+00:00","breadcrumb":{"@id":"https:\/\/cdacv.es\/es\/agenda\/firma-del-convenio-entre-la-generalitat-a-traves-del-institut-valencia-de-cultura-ivc-la-societat-anonima-de-mitjans-de-comunicacio-de-la-comunitat-valenciana-samc-y-la-corporacio-audiovisual-d\/#breadcrumb"},"inLanguage":"es","potentialAction":[{"@type":"ReadAction","target":["https:\/\/cdacv.es\/es\/agenda\/firma-del-convenio-entre-la-generalitat-a-traves-del-institut-valencia-de-cultura-ivc-la-societat-anonima-de-mitjans-de-comunicacio-de-la-comunitat-valenciana-samc-y-la-corporacio-audiovisual-d\/"]}]},{"@type":"BreadcrumbList","@id":"https:\/\/cdacv.es\/es\/agenda\/firma-del-convenio-entre-la-generalitat-a-traves-del-institut-valencia-de-cultura-ivc-la-societat-anonima-de-mitjans-de-comunicacio-de-la-comunitat-valenciana-samc-y-la-corporacio-audiovisual-d\/#breadcrumb","itemListElement":[{"@type":"ListItem","position":1,"name":"Home","item":"https:\/\/cdacv.es\/es\/"},{"@type":"ListItem","position":2,"name":"Eventos","item":"https:\/\/cdacv.es\/events\/"},{"@type":"ListItem","position":3,"name":"Firma del Convenio entre la Generalitat, a trav\u00e9s del Institut Valenci\u00e0 de Cultura (IVC), la Societat An\u00f3nima de Mitjans de Comunicaci\u00f3 de la Comunitat Valenciana (SAMC) y la Corporaci\u00f3 Audiovisual de la Comunitat Valenciana (CAVSA)"}]},{"@type":"WebSite","@id":"https:\/\/cdacv.es\/#website","url":"https:\/\/cdacv.es\/","name":"Consell De L\u2019Audiovisual De La Comunitat Valenciana","description":"\u00c9s l\u2019autoritat audiovisual independent encarregada de vetlar pel respecte dels drets, llibertats i valors constitucionals i estatutaris en l\u2019\u00e0mbit dels mitjans audiovisuals a la Comunitat Valenciana","publisher":{"@id":"https:\/\/cdacv.es\/#organization"},"potentialAction":[{"@type":"SearchAction","target":{"@type":"EntryPoint","urlTemplate":"https:\/\/cdacv.es\/?s={search_term_string}"},"query-input":"required name=search_term_string"}],"inLanguage":"es"},{"@type":"Organization","@id":"https:\/\/cdacv.es\/#organization","name":"Consell De L\u2019Audiovisual De La Comunitat Valenciana","url":"https:\/\/cdacv.es\/","logo":{"@type":"ImageObject","inLanguage":"es","@id":"https:\/\/cdacv.es\/#\/schema\/logo\/image\/","url":"https:\/\/cdacv.es\/wp-content\/uploads\/2023\/02\/fav.png","contentUrl":"https:\/\/cdacv.es\/wp-content\/uploads\/2023\/02\/fav.png","width":300,"height":300,"caption":"Consell De L\u2019Audiovisual De La Comunitat Valenciana"},"image":{"@id":"https:\/\/cdacv.es\/#\/schema\/logo\/image\/"}}]}},"_links":{"self":[{"href":"https:\/\/cdacv.es\/es\/wp-json\/wp\/v2\/tribe_events\/3750","targetHints":{"allow":["GET"]}}],"collection":[{"href":"https:\/\/cdacv.es\/es\/wp-json\/wp\/v2\/tribe_events"}],"about":[{"href":"https:\/\/cdacv.es\/es\/wp-json\/wp\/v2\/types\/tribe_events"}],"author":[{"embeddable":true,"href":"https:\/\/cdacv.es\/es\/wp-json\/wp\/v2\/users\/1"}],"replies":[{"embeddable":true,"href":"https:\/\/cdacv.es\/es\/wp-json\/wp\/v2\/comments?post=3750"}],"version-history":[{"count":1,"href":"https:\/\/cdacv.es\/es\/wp-json\/wp\/v2\/tribe_events\/3750\/revisions"}],"predecessor-version":[{"id":3751,"href":"https:\/\/cdacv.es\/es\/wp-json\/wp\/v2\/tribe_events\/3750\/revisions\/3751"}],"wp:attachment":[{"href":"https:\/\/cdacv.es\/es\/wp-json\/wp\/v2\/media?parent=3750"}],"wp:term":[{"taxonomy":"post_tag","embeddable":true,"href":"https:\/\/cdacv.es\/es\/wp-json\/wp\/v2\/tags?post=3750"},{"taxonomy":"tribe_events_cat","embeddable":true,"href":"https:\/\/cdacv.es\/es\/wp-json\/wp\/v2\/tribe_events_cat?post=3750"}],"curies":[{"name":"wp","href":"https:\/\/api.w.org\/{rel}","templated":true}]}}