{"id":2946,"date":"2024-12-18T13:00:22","date_gmt":"2024-12-18T13:00:22","guid":{"rendered":"https:\/\/cdacv.es\/?post_type=tribe_events&#038;p=2946"},"modified":"2024-12-18T14:15:43","modified_gmt":"2024-12-18T14:15:43","slug":"el-cacv-presentara-manana-el-informe-de-la-comunicacion-2023-en-un-encuentro-con-los-medios-de-comunicacion","status":"publish","type":"tribe_events","link":"https:\/\/cdacv.es\/es\/agenda\/el-cacv-presentara-manana-el-informe-de-la-comunicacion-2023-en-un-encuentro-con-los-medios-de-comunicacion\/","title":{"rendered":"El CACV presentar\u00e1 ma\u00f1ana el Informe de la Comunicaci\u00f3n y el sector audiovisual 2023 en un encuentro con los medios de comunicaci\u00f3n"},"content":{"rendered":"<p class=\"p1\"><strong>El presidente del Consell de l\u2019Audiovisual de la Comunitat Valenciana (CACV)<\/strong>, Jos\u00e9 Mar\u00eda Vidal, junto con los miembros del consejo, comparecer\u00e1 ante los medios de comunicaci\u00f3n para presentar el <a href=\"https:\/\/cdacv.es\/es\/el-cacv-presenta-el-informe-del-ano-2023-de-la-comunicacion-y-el-sector-audiovisual\/\" target=\"_blank\" rel=\"noopener\"><strong><i>Informe de la comunicaci\u00f3n y el sector audiovisual del 2023<\/i><\/strong><\/a>.<\/p>\n<ul>\n<li>Sede del Consell, en Castell\u00f3n<\/li>\n<\/ul>\n","protected":false},"excerpt":{"rendered":"<p>El presidente del Consell de l\u2019Audiovisual de la Comunitat Valenciana (CACV), Jos\u00e9 Mar\u00eda Vidal, junto con los miembros del consejo, comparecer\u00e1 ante los medios de comunicaci\u00f3n para presentar el Informe&#8230;<\/p>\n","protected":false},"author":1,"featured_media":0,"comment_status":"closed","ping_status":"closed","template":"","meta":{"_tribe_events_status":"","_tribe_events_status_reason":"","footnotes":""},"tags":[],"tribe_events_cat":[],"class_list":["post-2946","tribe_events","type-tribe_events","status-publish"],"yoast_head":"<!-- This site is optimized with the Yoast SEO plugin v20.1 - https:\/\/yoast.com\/wordpress\/plugins\/seo\/ -->\n<title>El CACV presentar\u00e1 ma\u00f1ana el Informe de la Comunicaci\u00f3n y el sector audiovisual 2023 en un encuentro con los medios de comunicaci\u00f3n - Consell De L\u2019Audiovisual De La Comunitat Valenciana<\/title>\n<meta name=\"robots\" content=\"index, follow, max-snippet:-1, max-image-preview:large, max-video-preview:-1\" \/>\n<link rel=\"canonical\" href=\"https:\/\/cdacv.es\/es\/agenda\/el-cacv-presentara-manana-el-informe-de-la-comunicacion-2023-en-un-encuentro-con-los-medios-de-comunicacion\/\" \/>\n<meta property=\"og:locale\" content=\"es_ES\" \/>\n<meta property=\"og:type\" content=\"article\" \/>\n<meta property=\"og:title\" content=\"El CACV presentar\u00e1 ma\u00f1ana el Informe de la Comunicaci\u00f3n y el sector audiovisual 2023 en un encuentro con los medios de comunicaci\u00f3n - Consell De L\u2019Audiovisual De La Comunitat Valenciana\" \/>\n<meta property=\"og:description\" content=\"El presidente del Consell de l\u2019Audiovisual de la Comunitat Valenciana (CACV), Jos\u00e9 Mar\u00eda Vidal, junto con los miembros del consejo, comparecer\u00e1 ante los medios de comunicaci\u00f3n para presentar el Informe...\" \/>\n<meta property=\"og:url\" content=\"https:\/\/cdacv.es\/es\/agenda\/el-cacv-presentara-manana-el-informe-de-la-comunicacion-2023-en-un-encuentro-con-los-medios-de-comunicacion\/\" \/>\n<meta property=\"og:site_name\" content=\"Consell De L\u2019Audiovisual De La Comunitat Valenciana\" \/>\n<meta property=\"article:modified_time\" content=\"2024-12-18T14:15:43+00:00\" \/>\n<meta name=\"twitter:card\" content=\"summary_large_image\" \/>\n<meta name=\"twitter:label1\" content=\"Tiempo de lectura\" \/>\n\t<meta name=\"twitter:data1\" content=\"1 minuto\" \/>\n<script type=\"application\/ld+json\" class=\"yoast-schema-graph\">{\"@context\":\"https:\/\/schema.org\",\"@graph\":[{\"@type\":\"WebPage\",\"@id\":\"https:\/\/cdacv.es\/es\/agenda\/el-cacv-presentara-manana-el-informe-de-la-comunicacion-2023-en-un-encuentro-con-los-medios-de-comunicacion\/\",\"url\":\"https:\/\/cdacv.es\/es\/agenda\/el-cacv-presentara-manana-el-informe-de-la-comunicacion-2023-en-un-encuentro-con-los-medios-de-comunicacion\/\",\"name\":\"El CACV presentar\u00e1 ma\u00f1ana el Informe de la Comunicaci\u00f3n y el sector audiovisual 2023 en un encuentro con los medios de comunicaci\u00f3n - Consell De L\u2019Audiovisual De La Comunitat Valenciana\",\"isPartOf\":{\"@id\":\"https:\/\/cdacv.es\/#website\"},\"datePublished\":\"2024-12-18T13:00:22+00:00\",\"dateModified\":\"2024-12-18T14:15:43+00:00\",\"breadcrumb\":{\"@id\":\"https:\/\/cdacv.es\/es\/agenda\/el-cacv-presentara-manana-el-informe-de-la-comunicacion-2023-en-un-encuentro-con-los-medios-de-comunicacion\/#breadcrumb\"},\"inLanguage\":\"es\",\"potentialAction\":[{\"@type\":\"ReadAction\",\"target\":[\"https:\/\/cdacv.es\/es\/agenda\/el-cacv-presentara-manana-el-informe-de-la-comunicacion-2023-en-un-encuentro-con-los-medios-de-comunicacion\/\"]}]},{\"@type\":\"BreadcrumbList\",\"@id\":\"https:\/\/cdacv.es\/es\/agenda\/el-cacv-presentara-manana-el-informe-de-la-comunicacion-2023-en-un-encuentro-con-los-medios-de-comunicacion\/#breadcrumb\",\"itemListElement\":[{\"@type\":\"ListItem\",\"position\":1,\"name\":\"Home\",\"item\":\"https:\/\/cdacv.es\/es\/\"},{\"@type\":\"ListItem\",\"position\":2,\"name\":\"Eventos\",\"item\":\"https:\/\/cdacv.es\/events\/\"},{\"@type\":\"ListItem\",\"position\":3,\"name\":\"El CACV presentar\u00e1 ma\u00f1ana el Informe de la Comunicaci\u00f3n y el sector audiovisual 2023 en un encuentro con los medios de comunicaci\u00f3n\"}]},{\"@type\":\"WebSite\",\"@id\":\"https:\/\/cdacv.es\/#website\",\"url\":\"https:\/\/cdacv.es\/\",\"name\":\"Consell De L\u2019Audiovisual De La Comunitat Valenciana\",\"description\":\"\u00c9s l\u2019autoritat audiovisual independent encarregada de vetlar pel respecte dels drets, llibertats i valors constitucionals i estatutaris en l\u2019\u00e0mbit dels mitjans audiovisuals a la Comunitat Valenciana\",\"publisher\":{\"@id\":\"https:\/\/cdacv.es\/#organization\"},\"potentialAction\":[{\"@type\":\"SearchAction\",\"target\":{\"@type\":\"EntryPoint\",\"urlTemplate\":\"https:\/\/cdacv.es\/?s={search_term_string}\"},\"query-input\":\"required name=search_term_string\"}],\"inLanguage\":\"es\"},{\"@type\":\"Organization\",\"@id\":\"https:\/\/cdacv.es\/#organization\",\"name\":\"Consell De L\u2019Audiovisual De La Comunitat Valenciana\",\"url\":\"https:\/\/cdacv.es\/\",\"logo\":{\"@type\":\"ImageObject\",\"inLanguage\":\"es\",\"@id\":\"https:\/\/cdacv.es\/#\/schema\/logo\/image\/\",\"url\":\"https:\/\/cdacv.es\/wp-content\/uploads\/2023\/02\/fav.png\",\"contentUrl\":\"https:\/\/cdacv.es\/wp-content\/uploads\/2023\/02\/fav.png\",\"width\":300,\"height\":300,\"caption\":\"Consell De L\u2019Audiovisual De La Comunitat Valenciana\"},\"image\":{\"@id\":\"https:\/\/cdacv.es\/#\/schema\/logo\/image\/\"}}]}<\/script>\n<!-- \/ Yoast SEO plugin. -->","yoast_head_json":{"title":"El CACV presentar\u00e1 ma\u00f1ana el Informe de la Comunicaci\u00f3n y el sector audiovisual 2023 en un encuentro con los medios de comunicaci\u00f3n - Consell De L\u2019Audiovisual De La Comunitat Valenciana","robots":{"index":"index","follow":"follow","max-snippet":"max-snippet:-1","max-image-preview":"max-image-preview:large","max-video-preview":"max-video-preview:-1"},"canonical":"https:\/\/cdacv.es\/es\/agenda\/el-cacv-presentara-manana-el-informe-de-la-comunicacion-2023-en-un-encuentro-con-los-medios-de-comunicacion\/","og_locale":"es_ES","og_type":"article","og_title":"El CACV presentar\u00e1 ma\u00f1ana el Informe de la Comunicaci\u00f3n y el sector audiovisual 2023 en un encuentro con los medios de comunicaci\u00f3n - Consell De L\u2019Audiovisual De La Comunitat Valenciana","og_description":"El presidente del Consell de l\u2019Audiovisual de la Comunitat Valenciana (CACV), Jos\u00e9 Mar\u00eda Vidal, junto con los miembros del consejo, comparecer\u00e1 ante los medios de comunicaci\u00f3n para presentar el Informe...","og_url":"https:\/\/cdacv.es\/es\/agenda\/el-cacv-presentara-manana-el-informe-de-la-comunicacion-2023-en-un-encuentro-con-los-medios-de-comunicacion\/","og_site_name":"Consell De L\u2019Audiovisual De La Comunitat Valenciana","article_modified_time":"2024-12-18T14:15:43+00:00","twitter_card":"summary_large_image","twitter_misc":{"Tiempo de lectura":"1 minuto"},"schema":{"@context":"https:\/\/schema.org","@graph":[{"@type":"WebPage","@id":"https:\/\/cdacv.es\/es\/agenda\/el-cacv-presentara-manana-el-informe-de-la-comunicacion-2023-en-un-encuentro-con-los-medios-de-comunicacion\/","url":"https:\/\/cdacv.es\/es\/agenda\/el-cacv-presentara-manana-el-informe-de-la-comunicacion-2023-en-un-encuentro-con-los-medios-de-comunicacion\/","name":"El CACV presentar\u00e1 ma\u00f1ana el Informe de la Comunicaci\u00f3n y el sector audiovisual 2023 en un encuentro con los medios de comunicaci\u00f3n - Consell De L\u2019Audiovisual De La Comunitat Valenciana","isPartOf":{"@id":"https:\/\/cdacv.es\/#website"},"datePublished":"2024-12-18T13:00:22+00:00","dateModified":"2024-12-18T14:15:43+00:00","breadcrumb":{"@id":"https:\/\/cdacv.es\/es\/agenda\/el-cacv-presentara-manana-el-informe-de-la-comunicacion-2023-en-un-encuentro-con-los-medios-de-comunicacion\/#breadcrumb"},"inLanguage":"es","potentialAction":[{"@type":"ReadAction","target":["https:\/\/cdacv.es\/es\/agenda\/el-cacv-presentara-manana-el-informe-de-la-comunicacion-2023-en-un-encuentro-con-los-medios-de-comunicacion\/"]}]},{"@type":"BreadcrumbList","@id":"https:\/\/cdacv.es\/es\/agenda\/el-cacv-presentara-manana-el-informe-de-la-comunicacion-2023-en-un-encuentro-con-los-medios-de-comunicacion\/#breadcrumb","itemListElement":[{"@type":"ListItem","position":1,"name":"Home","item":"https:\/\/cdacv.es\/es\/"},{"@type":"ListItem","position":2,"name":"Eventos","item":"https:\/\/cdacv.es\/events\/"},{"@type":"ListItem","position":3,"name":"El CACV presentar\u00e1 ma\u00f1ana el Informe de la Comunicaci\u00f3n y el sector audiovisual 2023 en un encuentro con los medios de comunicaci\u00f3n"}]},{"@type":"WebSite","@id":"https:\/\/cdacv.es\/#website","url":"https:\/\/cdacv.es\/","name":"Consell De L\u2019Audiovisual De La Comunitat Valenciana","description":"\u00c9s l\u2019autoritat audiovisual independent encarregada de vetlar pel respecte dels drets, llibertats i valors constitucionals i estatutaris en l\u2019\u00e0mbit dels mitjans audiovisuals a la Comunitat Valenciana","publisher":{"@id":"https:\/\/cdacv.es\/#organization"},"potentialAction":[{"@type":"SearchAction","target":{"@type":"EntryPoint","urlTemplate":"https:\/\/cdacv.es\/?s={search_term_string}"},"query-input":"required name=search_term_string"}],"inLanguage":"es"},{"@type":"Organization","@id":"https:\/\/cdacv.es\/#organization","name":"Consell De L\u2019Audiovisual De La Comunitat Valenciana","url":"https:\/\/cdacv.es\/","logo":{"@type":"ImageObject","inLanguage":"es","@id":"https:\/\/cdacv.es\/#\/schema\/logo\/image\/","url":"https:\/\/cdacv.es\/wp-content\/uploads\/2023\/02\/fav.png","contentUrl":"https:\/\/cdacv.es\/wp-content\/uploads\/2023\/02\/fav.png","width":300,"height":300,"caption":"Consell De L\u2019Audiovisual De La Comunitat Valenciana"},"image":{"@id":"https:\/\/cdacv.es\/#\/schema\/logo\/image\/"}}]}},"_links":{"self":[{"href":"https:\/\/cdacv.es\/es\/wp-json\/wp\/v2\/tribe_events\/2946","targetHints":{"allow":["GET"]}}],"collection":[{"href":"https:\/\/cdacv.es\/es\/wp-json\/wp\/v2\/tribe_events"}],"about":[{"href":"https:\/\/cdacv.es\/es\/wp-json\/wp\/v2\/types\/tribe_events"}],"author":[{"embeddable":true,"href":"https:\/\/cdacv.es\/es\/wp-json\/wp\/v2\/users\/1"}],"replies":[{"embeddable":true,"href":"https:\/\/cdacv.es\/es\/wp-json\/wp\/v2\/comments?post=2946"}],"version-history":[{"count":3,"href":"https:\/\/cdacv.es\/es\/wp-json\/wp\/v2\/tribe_events\/2946\/revisions"}],"predecessor-version":[{"id":2962,"href":"https:\/\/cdacv.es\/es\/wp-json\/wp\/v2\/tribe_events\/2946\/revisions\/2962"}],"wp:attachment":[{"href":"https:\/\/cdacv.es\/es\/wp-json\/wp\/v2\/media?parent=2946"}],"wp:term":[{"taxonomy":"post_tag","embeddable":true,"href":"https:\/\/cdacv.es\/es\/wp-json\/wp\/v2\/tags?post=2946"},{"taxonomy":"tribe_events_cat","embeddable":true,"href":"https:\/\/cdacv.es\/es\/wp-json\/wp\/v2\/tribe_events_cat?post=2946"}],"curies":[{"name":"wp","href":"https:\/\/api.w.org\/{rel}","templated":true}]}}