{"id":1514,"date":"2024-01-30T15:16:02","date_gmt":"2024-01-30T15:16:02","guid":{"rendered":"https:\/\/cdacv.es\/?post_type=tribe_events&#038;p=1514"},"modified":"2024-01-30T15:16:48","modified_gmt":"2024-01-30T15:16:48","slug":"el-presidente-del-cacv-jose-maria-vidal-beltran-asiste-a-os-actos-conmemorativos-de-la-festividad-de-la-conversion-de-san-pablo","status":"publish","type":"tribe_events","link":"https:\/\/cdacv.es\/es\/agenda\/el-presidente-del-cacv-jose-maria-vidal-beltran-asiste-a-os-actos-conmemorativos-de-la-festividad-de-la-conversion-de-san-pablo\/","title":{"rendered":"El presidente del CACV, Jos\u00e9 Mar\u00eda Vidal Beltr\u00e1n, asiste a los Actos Conmemorativos de la Festividad de la Conversi\u00f3n de San Pablo"},"content":{"rendered":"<ul>\n<li>Durante el Acto Acad\u00e9mico, el Rector de la Universidad CEU Cardenal Herrera, D. Higinio Mar\u00edn Pedre\u00f1o, le har\u00e1 entrega de un reconocimiento por el compromiso del Consell de L\u2019 Audiovisual de la Comunitat Valenciana con la investigaci\u00f3n. (C\u00e1tedra de Cultura Audiovisual).<\/li>\n<\/ul>\n","protected":false},"excerpt":{"rendered":"<p>Durante el Acto Acad\u00e9mico, el Rector de la Universidad CEU Cardenal Herrera, D. Higinio Mar\u00edn Pedre\u00f1o, le har\u00e1 entrega de un reconocimiento por el compromiso del Consell de L\u2019 Audiovisual&#8230;<\/p>\n","protected":false},"author":1,"featured_media":0,"comment_status":"closed","ping_status":"closed","template":"","meta":{"_tribe_events_status":"","_tribe_events_status_reason":"","footnotes":""},"tags":[],"tribe_events_cat":[],"class_list":["post-1514","tribe_events","type-tribe_events","status-publish"],"yoast_head":"<!-- This site is optimized with the Yoast SEO plugin v20.1 - https:\/\/yoast.com\/wordpress\/plugins\/seo\/ -->\n<title>El presidente del CACV, Jos\u00e9 Mar\u00eda Vidal Beltr\u00e1n, asiste a los Actos Conmemorativos de la Festividad de la Conversi\u00f3n de San Pablo - Consell De L\u2019Audiovisual De La Comunitat Valenciana<\/title>\n<meta name=\"robots\" content=\"index, follow, max-snippet:-1, max-image-preview:large, max-video-preview:-1\" \/>\n<link rel=\"canonical\" href=\"https:\/\/cdacv.es\/es\/agenda\/el-presidente-del-cacv-jose-maria-vidal-beltran-asiste-a-os-actos-conmemorativos-de-la-festividad-de-la-conversion-de-san-pablo\/\" \/>\n<meta property=\"og:locale\" content=\"es_ES\" \/>\n<meta property=\"og:type\" content=\"article\" \/>\n<meta property=\"og:title\" content=\"El presidente del CACV, Jos\u00e9 Mar\u00eda Vidal Beltr\u00e1n, asiste a los Actos Conmemorativos de la Festividad de la Conversi\u00f3n de San Pablo - Consell De L\u2019Audiovisual De La Comunitat Valenciana\" \/>\n<meta property=\"og:description\" content=\"Durante el Acto Acad\u00e9mico, el Rector de la Universidad CEU Cardenal Herrera, D. Higinio Mar\u00edn Pedre\u00f1o, le har\u00e1 entrega de un reconocimiento por el compromiso del Consell de L\u2019 Audiovisual...\" \/>\n<meta property=\"og:url\" content=\"https:\/\/cdacv.es\/es\/agenda\/el-presidente-del-cacv-jose-maria-vidal-beltran-asiste-a-os-actos-conmemorativos-de-la-festividad-de-la-conversion-de-san-pablo\/\" \/>\n<meta property=\"og:site_name\" content=\"Consell De L\u2019Audiovisual De La Comunitat Valenciana\" \/>\n<meta property=\"article:modified_time\" content=\"2024-01-30T15:16:48+00:00\" \/>\n<meta name=\"twitter:card\" content=\"summary_large_image\" \/>\n<meta name=\"twitter:label1\" content=\"Tiempo de lectura\" \/>\n\t<meta name=\"twitter:data1\" content=\"1 minuto\" \/>\n<script type=\"application\/ld+json\" class=\"yoast-schema-graph\">{\"@context\":\"https:\/\/schema.org\",\"@graph\":[{\"@type\":\"WebPage\",\"@id\":\"https:\/\/cdacv.es\/es\/agenda\/el-presidente-del-cacv-jose-maria-vidal-beltran-asiste-a-os-actos-conmemorativos-de-la-festividad-de-la-conversion-de-san-pablo\/\",\"url\":\"https:\/\/cdacv.es\/es\/agenda\/el-presidente-del-cacv-jose-maria-vidal-beltran-asiste-a-os-actos-conmemorativos-de-la-festividad-de-la-conversion-de-san-pablo\/\",\"name\":\"El presidente del CACV, Jos\u00e9 Mar\u00eda Vidal Beltr\u00e1n, asiste a los Actos Conmemorativos de la Festividad de la Conversi\u00f3n de San Pablo - Consell De L\u2019Audiovisual De La Comunitat Valenciana\",\"isPartOf\":{\"@id\":\"https:\/\/cdacv.es\/#website\"},\"datePublished\":\"2024-01-30T15:16:02+00:00\",\"dateModified\":\"2024-01-30T15:16:48+00:00\",\"breadcrumb\":{\"@id\":\"https:\/\/cdacv.es\/es\/agenda\/el-presidente-del-cacv-jose-maria-vidal-beltran-asiste-a-os-actos-conmemorativos-de-la-festividad-de-la-conversion-de-san-pablo\/#breadcrumb\"},\"inLanguage\":\"es\",\"potentialAction\":[{\"@type\":\"ReadAction\",\"target\":[\"https:\/\/cdacv.es\/es\/agenda\/el-presidente-del-cacv-jose-maria-vidal-beltran-asiste-a-os-actos-conmemorativos-de-la-festividad-de-la-conversion-de-san-pablo\/\"]}]},{\"@type\":\"BreadcrumbList\",\"@id\":\"https:\/\/cdacv.es\/es\/agenda\/el-presidente-del-cacv-jose-maria-vidal-beltran-asiste-a-os-actos-conmemorativos-de-la-festividad-de-la-conversion-de-san-pablo\/#breadcrumb\",\"itemListElement\":[{\"@type\":\"ListItem\",\"position\":1,\"name\":\"Home\",\"item\":\"https:\/\/cdacv.es\/es\/\"},{\"@type\":\"ListItem\",\"position\":2,\"name\":\"Eventos\",\"item\":\"https:\/\/cdacv.es\/events\/\"},{\"@type\":\"ListItem\",\"position\":3,\"name\":\"El presidente del CACV, Jos\u00e9 Mar\u00eda Vidal Beltr\u00e1n, asiste a los Actos Conmemorativos de la Festividad de la Conversi\u00f3n de San Pablo\"}]},{\"@type\":\"WebSite\",\"@id\":\"https:\/\/cdacv.es\/#website\",\"url\":\"https:\/\/cdacv.es\/\",\"name\":\"Consell De L\u2019Audiovisual De La Comunitat Valenciana\",\"description\":\"\u00c9s l\u2019autoritat audiovisual independent encarregada de vetlar pel respecte dels drets, llibertats i valors constitucionals i estatutaris en l\u2019\u00e0mbit dels mitjans audiovisuals a la Comunitat Valenciana\",\"publisher\":{\"@id\":\"https:\/\/cdacv.es\/#organization\"},\"potentialAction\":[{\"@type\":\"SearchAction\",\"target\":{\"@type\":\"EntryPoint\",\"urlTemplate\":\"https:\/\/cdacv.es\/?s={search_term_string}\"},\"query-input\":\"required name=search_term_string\"}],\"inLanguage\":\"es\"},{\"@type\":\"Organization\",\"@id\":\"https:\/\/cdacv.es\/#organization\",\"name\":\"Consell De L\u2019Audiovisual De La Comunitat Valenciana\",\"url\":\"https:\/\/cdacv.es\/\",\"logo\":{\"@type\":\"ImageObject\",\"inLanguage\":\"es\",\"@id\":\"https:\/\/cdacv.es\/#\/schema\/logo\/image\/\",\"url\":\"https:\/\/cdacv.es\/wp-content\/uploads\/2023\/02\/fav.png\",\"contentUrl\":\"https:\/\/cdacv.es\/wp-content\/uploads\/2023\/02\/fav.png\",\"width\":300,\"height\":300,\"caption\":\"Consell De L\u2019Audiovisual De La Comunitat Valenciana\"},\"image\":{\"@id\":\"https:\/\/cdacv.es\/#\/schema\/logo\/image\/\"}}]}<\/script>\n<!-- \/ Yoast SEO plugin. -->","yoast_head_json":{"title":"El presidente del CACV, Jos\u00e9 Mar\u00eda Vidal Beltr\u00e1n, asiste a los Actos Conmemorativos de la Festividad de la Conversi\u00f3n de San Pablo - Consell De L\u2019Audiovisual De La Comunitat Valenciana","robots":{"index":"index","follow":"follow","max-snippet":"max-snippet:-1","max-image-preview":"max-image-preview:large","max-video-preview":"max-video-preview:-1"},"canonical":"https:\/\/cdacv.es\/es\/agenda\/el-presidente-del-cacv-jose-maria-vidal-beltran-asiste-a-os-actos-conmemorativos-de-la-festividad-de-la-conversion-de-san-pablo\/","og_locale":"es_ES","og_type":"article","og_title":"El presidente del CACV, Jos\u00e9 Mar\u00eda Vidal Beltr\u00e1n, asiste a los Actos Conmemorativos de la Festividad de la Conversi\u00f3n de San Pablo - Consell De L\u2019Audiovisual De La Comunitat Valenciana","og_description":"Durante el Acto Acad\u00e9mico, el Rector de la Universidad CEU Cardenal Herrera, D. Higinio Mar\u00edn Pedre\u00f1o, le har\u00e1 entrega de un reconocimiento por el compromiso del Consell de L\u2019 Audiovisual...","og_url":"https:\/\/cdacv.es\/es\/agenda\/el-presidente-del-cacv-jose-maria-vidal-beltran-asiste-a-os-actos-conmemorativos-de-la-festividad-de-la-conversion-de-san-pablo\/","og_site_name":"Consell De L\u2019Audiovisual De La Comunitat Valenciana","article_modified_time":"2024-01-30T15:16:48+00:00","twitter_card":"summary_large_image","twitter_misc":{"Tiempo de lectura":"1 minuto"},"schema":{"@context":"https:\/\/schema.org","@graph":[{"@type":"WebPage","@id":"https:\/\/cdacv.es\/es\/agenda\/el-presidente-del-cacv-jose-maria-vidal-beltran-asiste-a-os-actos-conmemorativos-de-la-festividad-de-la-conversion-de-san-pablo\/","url":"https:\/\/cdacv.es\/es\/agenda\/el-presidente-del-cacv-jose-maria-vidal-beltran-asiste-a-os-actos-conmemorativos-de-la-festividad-de-la-conversion-de-san-pablo\/","name":"El presidente del CACV, Jos\u00e9 Mar\u00eda Vidal Beltr\u00e1n, asiste a los Actos Conmemorativos de la Festividad de la Conversi\u00f3n de San Pablo - Consell De L\u2019Audiovisual De La Comunitat Valenciana","isPartOf":{"@id":"https:\/\/cdacv.es\/#website"},"datePublished":"2024-01-30T15:16:02+00:00","dateModified":"2024-01-30T15:16:48+00:00","breadcrumb":{"@id":"https:\/\/cdacv.es\/es\/agenda\/el-presidente-del-cacv-jose-maria-vidal-beltran-asiste-a-os-actos-conmemorativos-de-la-festividad-de-la-conversion-de-san-pablo\/#breadcrumb"},"inLanguage":"es","potentialAction":[{"@type":"ReadAction","target":["https:\/\/cdacv.es\/es\/agenda\/el-presidente-del-cacv-jose-maria-vidal-beltran-asiste-a-os-actos-conmemorativos-de-la-festividad-de-la-conversion-de-san-pablo\/"]}]},{"@type":"BreadcrumbList","@id":"https:\/\/cdacv.es\/es\/agenda\/el-presidente-del-cacv-jose-maria-vidal-beltran-asiste-a-os-actos-conmemorativos-de-la-festividad-de-la-conversion-de-san-pablo\/#breadcrumb","itemListElement":[{"@type":"ListItem","position":1,"name":"Home","item":"https:\/\/cdacv.es\/es\/"},{"@type":"ListItem","position":2,"name":"Eventos","item":"https:\/\/cdacv.es\/events\/"},{"@type":"ListItem","position":3,"name":"El presidente del CACV, Jos\u00e9 Mar\u00eda Vidal Beltr\u00e1n, asiste a los Actos Conmemorativos de la Festividad de la Conversi\u00f3n de San Pablo"}]},{"@type":"WebSite","@id":"https:\/\/cdacv.es\/#website","url":"https:\/\/cdacv.es\/","name":"Consell De L\u2019Audiovisual De La Comunitat Valenciana","description":"\u00c9s l\u2019autoritat audiovisual independent encarregada de vetlar pel respecte dels drets, llibertats i valors constitucionals i estatutaris en l\u2019\u00e0mbit dels mitjans audiovisuals a la Comunitat Valenciana","publisher":{"@id":"https:\/\/cdacv.es\/#organization"},"potentialAction":[{"@type":"SearchAction","target":{"@type":"EntryPoint","urlTemplate":"https:\/\/cdacv.es\/?s={search_term_string}"},"query-input":"required name=search_term_string"}],"inLanguage":"es"},{"@type":"Organization","@id":"https:\/\/cdacv.es\/#organization","name":"Consell De L\u2019Audiovisual De La Comunitat Valenciana","url":"https:\/\/cdacv.es\/","logo":{"@type":"ImageObject","inLanguage":"es","@id":"https:\/\/cdacv.es\/#\/schema\/logo\/image\/","url":"https:\/\/cdacv.es\/wp-content\/uploads\/2023\/02\/fav.png","contentUrl":"https:\/\/cdacv.es\/wp-content\/uploads\/2023\/02\/fav.png","width":300,"height":300,"caption":"Consell De L\u2019Audiovisual De La Comunitat Valenciana"},"image":{"@id":"https:\/\/cdacv.es\/#\/schema\/logo\/image\/"}}]}},"_links":{"self":[{"href":"https:\/\/cdacv.es\/es\/wp-json\/wp\/v2\/tribe_events\/1514","targetHints":{"allow":["GET"]}}],"collection":[{"href":"https:\/\/cdacv.es\/es\/wp-json\/wp\/v2\/tribe_events"}],"about":[{"href":"https:\/\/cdacv.es\/es\/wp-json\/wp\/v2\/types\/tribe_events"}],"author":[{"embeddable":true,"href":"https:\/\/cdacv.es\/es\/wp-json\/wp\/v2\/users\/1"}],"replies":[{"embeddable":true,"href":"https:\/\/cdacv.es\/es\/wp-json\/wp\/v2\/comments?post=1514"}],"version-history":[{"count":3,"href":"https:\/\/cdacv.es\/es\/wp-json\/wp\/v2\/tribe_events\/1514\/revisions"}],"predecessor-version":[{"id":1517,"href":"https:\/\/cdacv.es\/es\/wp-json\/wp\/v2\/tribe_events\/1514\/revisions\/1517"}],"wp:attachment":[{"href":"https:\/\/cdacv.es\/es\/wp-json\/wp\/v2\/media?parent=1514"}],"wp:term":[{"taxonomy":"post_tag","embeddable":true,"href":"https:\/\/cdacv.es\/es\/wp-json\/wp\/v2\/tags?post=1514"},{"taxonomy":"tribe_events_cat","embeddable":true,"href":"https:\/\/cdacv.es\/es\/wp-json\/wp\/v2\/tribe_events_cat?post=1514"}],"curies":[{"name":"wp","href":"https:\/\/api.w.org\/{rel}","templated":true}]}}